{"id":31,"date":"2014-06-11T22:56:50","date_gmt":"2014-06-11T21:56:50","guid":{"rendered":"http:\/\/www.lesamisderiba.fr\/?page_id=31"},"modified":"2025-11-04T21:27:57","modified_gmt":"2025-11-04T20:27:57","slug":"devenir-membre","status":"publish","type":"page","link":"http:\/\/www.lesamisderiba.fr\/?page_id=31","title":{"rendered":"Devenir membre"},"content":{"rendered":"<p style=\"text-align: center;\"><strong><span dir=\"ltr\" role=\"presentation\">Pour devenir membre des <\/span><span dir=\"ltr\" role=\"presentation\">\u00ab<\/span> <span dir=\"ltr\" role=\"presentation\">AMIS D<\/span><span dir=\"ltr\" role=\"presentation\">\u2019<\/span><span dir=\"ltr\" role=\"presentation\">ERIBA<\/span> <span dir=\"ltr\" role=\"presentation\">\u00bb<\/span> <span dir=\"ltr\" role=\"presentation\">c<\/span><span dir=\"ltr\" role=\"presentation\">\u2019<\/span><span dir=\"ltr\" role=\"presentation\">est simple.<\/span> <\/strong><br role=\"presentation\" \/><strong><span dir=\"ltr\" style=\"color: #800080;\" role=\"presentation\">Avoir une caravane ou un camping car ERIBA<\/span><span dir=\"ltr\" role=\"presentation\"> et remplir le bulletin d<\/span><span dir=\"ltr\" role=\"presentation\">\u2019<\/span><span dir=\"ltr\" role=\"presentation\">adh\u00e9sion <\/span><\/strong><br role=\"presentation\" \/><strong><span dir=\"ltr\" role=\"presentation\">ci-dessous et nous l<\/span><span dir=\"ltr\" role=\"presentation\">\u2019<\/span><span dir=\"ltr\" role=\"presentation\">envoyer accompagn\u00e9 de votre cotisation \u00e0 l<\/span><span dir=\"ltr\" role=\"presentation\">\u2019<\/span><span dir=\"ltr\" role=\"presentation\">adresse suivante:<\/span><\/strong><\/p>\n<h3 style=\"text-align: center;\">Les Amis d&rsquo;Eriba -Chez Madame Sophie HELLEUX<\/h3>\n<h3 style=\"text-align: center;\">61 rue de la Frenouse<\/h3>\n<h3 style=\"text-align: center;\">53230 COSSE LE VIVIEN<\/h3>\n<p>La cotisation est fix\u00e9e \u00e0 : 30\u20ac\u00a0 (couple ou une famille) et\u00a0 personne seule : 20\u20ac<\/p>\n<h2><span style=\"color: #000000;\"><span style=\"color: #800000;\"><strong>Pour t\u00e9l\u00e9charger le Bulletin d&rsquo;adh\u00e9sion, <\/strong><\/span><\/span><span style=\"color: #000000;\"><span style=\"color: #800000;\"><strong>cliquez sur la ligne ci-dessous:\u00a0\u00a0\u00a0 \u2193<\/strong><\/span><span style=\"text-decoration: underline;\"><br \/>\n<\/span><\/span><\/h2>\n<h1 style=\"text-align: center;\"><a href=\"http:\/\/www.lesamisderiba.fr\/wp-content\/uploads\/2024\/12\/Bulletin_d_adhesion_2025.pdf\" data-wplink-edit=\"true\">Bulletin d&rsquo;adh\u00e9sion<\/a><\/h1>\n<p><strong><span style=\"color: #ff0000;\"><em>Avant de nous envoyer votre adh\u00e9sion compl\u00e8te, il convient de lire et de renseigner attentivement le Bulletin d&rsquo;adh\u00e9sion, puis de ne pas oublier de le dater et de le signer.<\/em><\/span><\/strong><\/p>\n<h3>Nous tenons \u00e0 attirer votre attention sur le fait <strong>qu\u2019en adh\u00e9rant, vous devenez membre d\u2019une association\u00a0; de ce fait, nous comptons sur vous pour participer \u00e0 la vie de celle-ci.<\/strong> Cela peut se faire de diff\u00e9rentes fa\u00e7ons\u00a0:<\/h3>\n<ul>\n<li>venir aux rencontres.<\/li>\n<\/ul>\n<ul>\n<li>participer aux t\u00e2ches qui permettent \u00e0 l\u2019association de fonctionner.<\/li>\n<\/ul>\n<ul>\n<li>participer \u00e0 l&rsquo; Assembl\u00e9e G\u00e9n\u00e9rale annuelle.<\/li>\n<\/ul>\n<p>Si vous avez des questions sur l\u2019association ou pour nous contacter, vous pouvez utiliser le <a title=\"Nous contacter\" href=\"http:\/\/www.lesamisderiba.fr\/?page_id=41\">formulaire de contact<\/a><\/p>\n<hr \/>\n<p align=\"left\">Les informations recueillies font l\u2019objet d\u2019un traitement afin de prendre en compte votre demande. Ces informations sont destin\u00e9es \u00e0 la gestion de l\u2019association et ne seront pas divulgu\u00e9es \u00e0 des tiers. En application du R\u00e8glement G\u00e9n\u00e9ral sur la protection des Donn\u00e9es (RGPD), vous disposez d\u2019un droit d\u2019acc\u00e8s et de rectification aux dites informations. Pour exercer ce droit, adressez-vous \u00e0\u00a0:<\/p>\n<p>Les Amis d\u2019Eriba &#8211; Pr\u00e9sident: Jean-Paul FIEVET \u2013 12 rue Anatole France, 79100 THOUARS<\/p>\n<address class=\"western\">Le R\u00e8glement G\u00e9n\u00e9ral sur la protection des Donn\u00e9es (RGPD) est consultable sur le site de la Commission Nationale de l&rsquo;Informatique et des Libert\u00e9s <span style=\"color: #000000;\"><span style=\"font-family: Arial, sans-serif;\"><span style=\"font-size: small;\"><span style=\"font-size: medium;\">(<\/span><a href=\"http:\/\/www.cnil.fr\/\">CNIL<\/a><span style=\"font-size: medium;\">).<\/span><\/span><\/span><\/span><\/address>\n","protected":false},"excerpt":{"rendered":"<p>Pour devenir membre des \u00ab AMIS D\u2019ERIBA \u00bb c\u2019est simple. Avoir une caravane ou un camping car ERIBA et remplir le bulletin d\u2019adh\u00e9sion ci-dessous et nous l\u2019envoyer accompagn\u00e9 de votre cotisation \u00e0 l\u2019adresse suivante: Les Amis d&rsquo;Eriba -Chez Madame Sophie &hellip; <a class=\"more-link\" href=\"http:\/\/www.lesamisderiba.fr\/?page_id=31\">Lire la suite <span class=\"meta-nav\">&rarr;<\/span><\/a><\/p>\n","protected":false},"author":1,"featured_media":0,"parent":0,"menu_order":0,"comment_status":"closed","ping_status":"closed","template":"","meta":{"footnotes":""},"class_list":["post-31","page","type-page","status-publish","hentry"],"aioseo_notices":[],"_links":{"self":[{"href":"http:\/\/www.lesamisderiba.fr\/index.php?rest_route=\/wp\/v2\/pages\/31","targetHints":{"allow":["GET"]}}],"collection":[{"href":"http:\/\/www.lesamisderiba.fr\/index.php?rest_route=\/wp\/v2\/pages"}],"about":[{"href":"http:\/\/www.lesamisderiba.fr\/index.php?rest_route=\/wp\/v2\/types\/page"}],"author":[{"embeddable":true,"href":"http:\/\/www.lesamisderiba.fr\/index.php?rest_route=\/wp\/v2\/users\/1"}],"replies":[{"embeddable":true,"href":"http:\/\/www.lesamisderiba.fr\/index.php?rest_route=%2Fwp%2Fv2%2Fcomments&post=31"}],"version-history":[{"count":95,"href":"http:\/\/www.lesamisderiba.fr\/index.php?rest_route=\/wp\/v2\/pages\/31\/revisions"}],"predecessor-version":[{"id":635,"href":"http:\/\/www.lesamisderiba.fr\/index.php?rest_route=\/wp\/v2\/pages\/31\/revisions\/635"}],"wp:attachment":[{"href":"http:\/\/www.lesamisderiba.fr\/index.php?rest_route=%2Fwp%2Fv2%2Fmedia&parent=31"}],"curies":[{"name":"wp","href":"https:\/\/api.w.org\/{rel}","templated":true}]}}